{"id":2365,"date":"2017-09-12T17:27:31","date_gmt":"2017-09-12T17:27:31","guid":{"rendered":"http:\/\/kursy-udt.pl\/?page_id=2365"},"modified":"2022-09-16T07:54:06","modified_gmt":"2022-09-16T07:54:06","slug":"personliche-schutzausrustung-fur-arbeiten-in-der-hohe","status":"publish","type":"page","link":"https:\/\/kursy-udt.pl\/de\/szkolenia\/wysokosciowe-na-uprawnienia-alpinistyczne\/srodki-ochrony-indywidualnej-podczas-prac-na-wysokosci\/","title":{"rendered":"Pers\u00f6nliche Schutzausr\u00fcstung bei Arbeiten in der H\u00f6he"},"content":{"rendered":"<div style=\"float: left; padding-right: 10px;\"><img decoding=\"async\" src=\"\/wp-content\/uploads\/2017\/11\/bezpieczenstwo-pracy-na-wysokosci-srodki-ochronne_m.jpeg\" alt=\"\" \/><\/div>\n<div class=\"wyjustuj\">Bei Arbeiten in der H\u00f6he ist es notwendig, eine geeignete pers\u00f6nliche Schutzausr\u00fcstung zu verwenden, um den Arbeitnehmer vor Abst\u00fcrzen zu sch\u00fctzen. Diese werden je nach Art und Bedingungen der in der H\u00f6he auszuf\u00fchrenden Arbeiten individuell ausgew\u00e4hlt.<br \/>\nJede Person, die die <a href=\"https:\/\/kursy-udt.pl\/de\/szkolenia\/wysokosciowe-na-uprawnienia-alpinistyczne\/\">Hochgebirgskurs<\/a>enth\u00e4lt Informationen dar\u00fcber, welche pers\u00f6nliche Schutzausr\u00fcstung verwendet werden muss. Der Arbeitgeber ist verpflichtet, seinen Arbeitnehmern kostenlos die richtige PSA zur Verf\u00fcgung zu stellen. Sicheres Arbeiten in der H\u00f6he erfordert die Verwendung speziell ausgew\u00e4hlter Ausr\u00fcstung, die sich in gutem Zustand befindet und regelm\u00e4\u00dfig \u00fcberpr\u00fcft wird. Andere werden von einem Industriekletterer benutzt, w\u00e4hrend andere von einem Dachdecker verwendet werden.<\/p>\n<div class=\"filmw\">\n<div class=\"responsive-youtube\" style=\"text-align: center;\"><iframe loading=\"lazy\" title=\"YouTube-Video-Player\" src=\"https:\/\/www.youtube.com\/embed\/Lf4dfMhJft0\" width=\"560\" height=\"315\" frameborder=\"0\" allowfullscreen=\"allowfullscreen\"><\/iframe><\/div>\n<\/div>\n<p><strong>Zu den h\u00e4ufigsten Bestandteilen von Schutzsystemen geh\u00f6ren textile Seile und B\u00e4nder, die in:<\/strong><\/p>\n<ul>\n<li>Auffanggurte, einschlie\u00dflich Hosentr\u00e4gergurte und Beckengurte<\/li>\n<li>Sicherheitsleinen<\/li>\n<li>D\u00e4mpfer<\/li>\n<li>Selbstklemmvorrichtungen<\/li>\n<li>Selbstbremsanlagen<\/li>\n<li>G\u00fcrtelhaken<\/li>\n<li>und andere Mittel zum Schutz gegen Absturz aus der H\u00f6he<\/li>\n<\/ul>\n<p>Man muss sich jedoch dar\u00fcber im Klaren sein, dass Textilien aufgrund der verwendeten Materialien und ihrer Struktur empfindlich gegen\u00fcber mechanischen Besch\u00e4digungen sind. Daher sollten Bergsteiger und andere Personen, die in der H\u00f6he arbeiten, besonders auf die korrekte Verwendung und die \u00dcberpr\u00fcfung ihres Zustands achten.<\/p>\n<p>Jeder Mitarbeiter, der <a href=\"https:\/\/kursy-udt.pl\/de\/uprawnienia-udt\/kategorie-uprawnien-2\/\">Anrechte<\/a> f\u00fcr Arbeiten in der H\u00f6he sollten daran denken, die Betriebsanleitung der Ausr\u00fcstung sorgf\u00e4ltig zu lesen, die Risiken von Sch\u00e4den an Gegenst\u00e4nden, die bei Arbeiten in der H\u00f6he verwendet werden, zu kennen und daran zu denken, sie regelm\u00e4\u00dfig vor jeder Verwendung zu \u00fcberpr\u00fcfen. Auch die pers\u00f6nliche Schutzausr\u00fcstung sollte genehmigt werden.<\/p>\n<\/div>\n<h2>Weitere Informationen:<\/h2>\n<div style=\"text-align: center; font-size: 85%; line-height: 120%;\">\n<div style=\"float: left; margin-right: 40px; height: 290px;\">\n<p><a href=\"\/de\/ausbildung\/qualifikationen-fur-das-bergsteigen-in-groser-hohe\/grundlegende-informationen-zum-arbeiten-in-der-hohe\/\"><img decoding=\"async\" src=\"\/wp-content\/uploads\/2017\/09\/szkolenie11.png\" alt=\"\" \/><\/a><\/p>\n<div style=\"width: 300px; font-size: 130%;\"><strong>Arbeiten in der H\u00f6he - grundlegende Informationen<\/strong><\/div>\n<p>&nbsp;<\/p>\n<\/div>\n<div style=\"float: left; margin-right: 40px; height: 290px;\">\n<p><a href=\"\/de\/ausbildung\/qualifikationen-fur-das-bergsteigen-in-groser-hohe\/haufigste-ursachen-fur-sturze-aus-groser-hohe\/\"><img decoding=\"async\" src=\"\/wp-content\/uploads\/2014\/08\/wypadek.jpg\" alt=\"\" \/><\/a><\/p>\n<div style=\"width: 300px; font-size: 130%;\"><strong>Die h\u00e4ufigsten Ursachen f\u00fcr St\u00fcrze aus der H\u00f6he<\/strong><\/div>\n<p>&nbsp;<\/p>\n<\/div>\n<\/div>\n<div style=\"clear: both;\"><\/div>\n<div style=\"text-align: center; font-size: 85%; line-height: 120%;\">\n<div style=\"float: left; margin-right: 40px; height: 290px;\">\n<p><a href=\"\/de\/ausbildung\/qualifikationen-fur-das-bergsteigen-in-groser-hohe\/personliche-schutzausrustung-fur-arbeiten-in-der-hohe\/\"><img decoding=\"async\" src=\"\/wp-content\/uploads\/2017\/11\/bezpieczenstwo-pracy-na-wysokosci-srodki-ochronne.jpeg\" alt=\"Arbeiten in gro\u00dfer H\u00f6he in Warschau\" \/><\/a><\/p>\n<div style=\"width: 300px; font-size: 130%;\"><strong>Pers\u00f6nliche Schutzausr\u00fcstung bei Arbeiten in der H\u00f6he<\/strong><\/div>\n<p>&nbsp;<\/p>\n<\/div>\n<div style=\"float: left; margin-right: 40px; height: 290px; padding-bottom: 50px;\">\n<p><a href=\"\/de\/ausbildung\/qualifikationen-fur-das-bergsteigen-in-groser-hohe\/arbeiten-an-masten\/\"><img decoding=\"async\" src=\"\/wp-content\/uploads\/2017\/11\/praca-na-kominach-zdjecie.jpeg\" alt=\"Bergsteigerkurs zur Vorbereitung auf die Arbeit in der H\u00f6he\" \/><\/a><\/p>\n<div style=\"width: 300px; font-size: 130%;\"><strong>Arbeiten an Masten, T\u00fcrmen, Schornsteinen, Geb\u00e4udestrukturen ohne Decken<\/strong><\/div>\n<p>&nbsp;<\/p>\n<\/div>\n<\/div>\n<div style=\"float: left; margin-right: 40px; height: 290px;\">\n<div style=\"text-align: center; font-size: 85%; line-height: 120%;\">\n<p><a href=\"\/de\/ausbildung\/qualifikationen-fur-das-bergsteigen-in-groser-hohe\/\"><img decoding=\"async\" src=\"\/wp-content\/uploads\/2017\/09\/szkolenie11.png\" alt=\"Bergsteigerkurs zur Vorbereitung auf die Arbeit in der H\u00f6he\" \/><\/a><\/p>\n<div style=\"width: 300px; font-size: 130%;\"><strong>H\u00f6henkurs<\/strong><\/div>\n<p>&nbsp;<\/p>\n<\/div>\n<\/div>","protected":false},"excerpt":{"rendered":"<p>Podczas prac na wysoko\u015bci konieczne jest stosowanie odpowiednich \u015brodk\u00f3w ochrony indywidualnej, kt\u00f3re zabezpieczaj\u0105 pracownika przed upadkami. S\u0105 one dobierane indywidualnie w zale\u017cno\u015bci od rodzaju oraz warunk\u00f3w wykonywanej pracy na wysoko\u015bci. Ka\u017cda osoba, kt\u00f3ra zako\u0144czy kurs wysoko\u015bciowy, posiada informacje o tym, jakie \u015brodki ochrony indywidualne musz\u0105 by\u0107 stosowane. Pracodawca ma obowi\u0105zek dostarczy\u0107 swoim pracownikom nieodp\u0142atnie w\u0142a\u015bciwe \u015brodki ochrony indywidualnej. Powinien r\u00f3wnie\u017c poinformowa\u0107 ich o sposobach ich u\u017cywania.Bezpieczna praca na wysoko\u015bci wymaga stosowania \u015brodk\u00f3w specjalnie dobranych, w odpowiednim stanie, regularnie sprawdzanych. Inne z nich b\u0119dzie stosowa\u0142 alpinista przemys\u0142owy, inne z kolei pracownik k\u0142ad\u0105cy zadaszenie. Do najcz\u0119\u015bciej spotykanych sk\u0142adnik\u00f3w system\u00f3w ochronnych nale\u017c\u0105 liny i ta\u015bmy w\u0142\u00f3kiennicze wykorzystywane w: uprz\u0119\u017cach, w tym szelkach bezpiecze\u0144stwa i pasach biodrowych linkach bezpiecze\u0144stwa amortyzatorach urz\u0105dzeniach samozaciskowych urz\u0105dzeniach samohamownych zaczepach ta\u015bmowych i innych \u015brodkach chroni\u0105cych przed upadkiem z wysoko\u015bci Nale\u017cy jednak zdawa\u0107 sobie spraw\u0119 z tego, \u017ce elementy w\u0142\u00f3kiennicze s\u0105 wra\u017cliwe na uszkodzenia mechaniczne ze wzgl\u0119du na zastosowane materia\u0142y oraz ich struktur\u0119. W zwi\u0105zku z tym osoby wykonuj\u0105ce prace alpinistyczne i inne prace na wysoko\u015bci powinny zwraca\u0107 szczeg\u00f3ln\u0105 uwag\u0119 na ich poprawne u\u017cywanie i sprawdzanie stanu technicznego. Ka\u017cdy pracownik, kt\u00f3ry posiada uprawnienia do pracy na wysoko\u015bci powinien pami\u0119ta\u0107 o tym, aby dok\u0142adnie zapozna\u0107 si\u0119 z instrukcjami obs\u0142ugi sprz\u0119tu, pozna\u0107 zagro\u017cenia zwi\u0105zane z uszkodzeniami element\u00f3w stosowanych przy pracy na wysoko\u015bci, pami\u0119ta\u0107 o ich regularnym sprawdzaniu przed ka\u017cdym zastosowaniem. \u015arodki ochrony indywidualne powinny by\u0107 r\u00f3wnie\u017c atestowane. Wi\u0119cej informacji: Prace na wysoko\u015bci &#8211; podstawowe informacje &nbsp; Najcz\u0119stsze przyczyny upadk\u00f3w z wysoko\u015bci &nbsp; \u015arodki ochrony indywidualnej podczas prac na wysoko\u015bci &nbsp; Praca na s\u0142upach, masztach, konstrukcjach wie\u017cowych, kominach, [&hellip;]<\/p>\n","protected":false},"author":1,"featured_media":2394,"parent":2263,"menu_order":0,"comment_status":"closed","ping_status":"closed","template":"","meta":{"sfsi_plus_gutenberg_text_before_share":"","sfsi_plus_gutenberg_show_text_before_share":"","sfsi_plus_gutenberg_icon_type":"","sfsi_plus_gutenberg_icon_alignemt":"","sfsi_plus_gutenburg_max_per_row":"","footnotes":""},"class_list":["post-2365","page","type-page","status-publish","has-post-thumbnail","hentry","has_thumb"],"aioseo_notices":[],"_links":{"self":[{"href":"https:\/\/kursy-udt.pl\/de\/wp-json\/wp\/v2\/pages\/2365","targetHints":{"allow":["GET"]}}],"collection":[{"href":"https:\/\/kursy-udt.pl\/de\/wp-json\/wp\/v2\/pages"}],"about":[{"href":"https:\/\/kursy-udt.pl\/de\/wp-json\/wp\/v2\/types\/page"}],"author":[{"embeddable":true,"href":"https:\/\/kursy-udt.pl\/de\/wp-json\/wp\/v2\/users\/1"}],"replies":[{"embeddable":true,"href":"https:\/\/kursy-udt.pl\/de\/wp-json\/wp\/v2\/comments?post=2365"}],"version-history":[{"count":12,"href":"https:\/\/kursy-udt.pl\/de\/wp-json\/wp\/v2\/pages\/2365\/revisions"}],"predecessor-version":[{"id":4309,"href":"https:\/\/kursy-udt.pl\/de\/wp-json\/wp\/v2\/pages\/2365\/revisions\/4309"}],"up":[{"embeddable":true,"href":"https:\/\/kursy-udt.pl\/de\/wp-json\/wp\/v2\/pages\/2263"}],"wp:featuredmedia":[{"embeddable":true,"href":"https:\/\/kursy-udt.pl\/de\/wp-json\/wp\/v2\/media\/2394"}],"wp:attachment":[{"href":"https:\/\/kursy-udt.pl\/de\/wp-json\/wp\/v2\/media?parent=2365"}],"curies":[{"name":"wp","href":"https:\/\/api.w.org\/{rel}","templated":true}]}}